{"id":5251,"date":"2019-09-24T10:08:00","date_gmt":"2019-09-24T08:08:00","guid":{"rendered":"http:\/\/dpz.medienlabor-hosting.de\/?post_type=publication&#038;p=5251"},"modified":"2022-11-22T11:38:01","modified_gmt":"2022-11-22T10:38:01","slug":"foreign-policy-and-the-just-transition","status":"publish","type":"publication","link":"https:\/\/www.progressives-zentrum.org\/en\/publication\/foreign-policy-and-the-just-transition\/","title":{"rendered":"Foreign Policy and the Just Transition"},"content":{"rendered":"\n<div class=\"wp-block-columns is-layout-flex wp-container-core-columns-is-layout-1 wp-block-columns-is-layout-flex\">\n<div class=\"wp-block-column is-layout-flow wp-block-column-is-layout-flow\" style=\"flex-basis:75%\">\n<h4 class=\"wp-block-heading\" id=\"zusammenfassung\">Summary<\/h4>\n\n\n\n<p>For the global community, transitioning to a more sustainable energy system is a must. But change requires challenging existing norms, and social and economic institutions. A Just Transition acknowledges that the social, environmental and economic aspects matter, and are a crucial component of the energy transition. This Policy Brief builds a bridge between foreign policy and the underlying economic and social changes which arise as part of the challenges of the energy transition.<\/p>\n\n\n\n<h2 class=\"wp-block-heading\">The Key Policy Recommendations<\/h2>\n\n\n\n<p><em>1. Governance: Foreign Policy as an Actor of Change<\/em><\/p>\n\n\n\n<p>This includes positioning itself as a multilateral facilitator of global governance, the introduction of working groups within foreign ministries and adding a human rights perspective to energy and climate policy.<\/p>\n\n\n\n<p><em>2. Europe as a leading Example<\/em><\/p>\n\n\n\n<p>This includes promoting the idea of a \u201cEuropean Green Deal\u201d for the energy and transport sector, strengthening the European Coal Regions in Transition Platform and hosting a \u201cJust Transition Summit\u201d.<\/p>\n\n\n\n<p><em>3. Inclusive Approaches for Successful Coalitions for Change<\/em><\/p>\n\n\n\n<p>This includes making use of the expertise of different actors at the international level, providing for a for exchange and the transfer of knowledge and experiences and building new partnerships.<\/p>\n\n\n\n<p><em>4. Bold Public Diplomacy: Think like a System, act like an Entrepreneur<\/em><\/p>\n\n\n\n<p>This includes initiating a debate on both the challenges and the opportunities of the low-carbon transition, creating an international narrative on its equity, prosperity and security dimensions and establishing a deeper engagement with citizens, businesses, local and regional leaders and civil society.<\/p>\n\n\n\n<div class=\"wp-block-buttons is-layout-flex wp-block-buttons-is-layout-flex\">\n<div class=\"wp-block-button aligncenter\"><a class=\"wp-block-button__link wp-element-button\" href=\"https:\/\/www.progressives-zentrum.org\/wp-content\/uploads\/2022\/06\/Foreign-Policy-Just-Transition_Executive-Summary_final-5.pdf\" target=\"_blank\" rel=\"noreferrer noopener\">I want to read the Executive Summary<\/a><\/div>\n<\/div>\n\n\n\n<h2 class=\"wp-block-heading\">Background: The Just Transition Concept<\/h2>\n\n\n\n<p>The just transition concept is rooted in the trade union movement and seeks to ensure good quality jobs and high living standards for everyone in a decarbonised economy. Key elements of a just transition include a&nbsp;<strong>comprehensive policy framework<\/strong>&nbsp;to address the negative impacts for and&nbsp;<strong>meaningful social dialogue<\/strong>&nbsp;with those who stand to lose their livelihoods throughout transition processes. The concept acknowledges the need for fairness for countries, regions and workers that will be affected disproportionately by the negative consequences of the transition.<\/p>\n\n\n\n<p>A global energy transition itself will also have&nbsp;<strong>geopolitical implications<\/strong>. Countries that depend on the export of fossil fuels face risks to their income base and geopolitical status. At the same time, however, the energy transition means lower risks for other countries from volatile energy prices or through the disruption of their energy supply chains, and fewer conflicts related to access to fossil fuels. Furthermore, developing countries can take advantage of affordable renewable energy technologies to provide energy access to their citizens, when technical and policy expertise is available in governmental institutions and society. In all these cases,&nbsp;<strong>foreign policy can play an important role<\/strong>.<\/p>\n\n\n\n<h2 class=\"wp-block-heading\">Natural Allies: Foreign Policy and Just Transition<\/h2>\n\n\n\n<p>At first glance, addressing a just transition to a low-carbon economy may not be the most fitting task for diplomacy. After all, it has to deal with very local problems \u2013 notably structural economic transitions at the regional level. However, both the climate and the&nbsp;<strong>just transition challenges are global<\/strong>. As the Secretary-General of the International Trade Union Confederation (ITUC), Sharan Burrow, aptly put it, \u201cthere are no jobs on a dead planet\u201d. A just transition is a global challenge which requires a&nbsp;<strong>multilateralist approach<\/strong>&nbsp;and which benefits from&nbsp;<strong>mutual learning and joint action<\/strong>.<\/p>\n\n\n\n<h2 class=\"wp-block-heading\" id=\"autorinnen\">Authors<\/h2>\n\n\n<div class=\"person-item person-view-author\"><div class=\"person-info-wrapper\"><div class=\"person-thumbnail\"><a href=\"https:\/\/www.progressives-zentrum.org\/en\/person\/dr-florian-ranft\/\"><img loading=\"lazy\" decoding=\"async\" width=\"600\" height=\"600\" src=\"https:\/\/www.progressives-zentrum.org\/en\/wp-content\/uploads\/sites\/2\/2021\/11\/Florian-Ranft-600x600.jpg\" class=\"attachment-thumbnail size-thumbnail wp-post-image\" alt=\"\" sizes=\"auto, 100vw\" \/><\/a><\/div><h4 class=\"person-title\"><a href=\"https:\/\/www.progressives-zentrum.org\/en\/person\/dr-florian-ranft\/\">Florian Ranft<\/a><\/h4><div class=\"person-position\">Member of the Management Board and Head of Green New Deal<\/div><div class=\"person-social\"><a class=\"person-email\" href=\"mailto:florian.ranft@progressives-zentrum.org\"><svg class=\"icon icon-envelope-o\" aria-hidden=\"true\" role=\"img\"> <use xlink:href=\"https:\/\/www.progressives-zentrum.org\/en\/wp-content\/themes\/dpz\/assets\/images\/svg-icons2.svg#icon-envelope-o\"><\/use> <\/svg><\/a> <a class=\"person-twitter\" href=\"https:\/\/twitter.com\/FloRanft\" target=\"_blank\" rel=\"noopener nofollow\"><svg class=\"icon icon-twitter\" aria-hidden=\"true\" role=\"img\"> <use xlink:href=\"https:\/\/www.progressives-zentrum.org\/en\/wp-content\/themes\/dpz\/assets\/images\/svg-icons2.svg#icon-twitter\"><\/use> <\/svg><\/a> <a class=\"person-linkedin\" href=\"https:\/\/www.linkedin.com\/in\/florian-ranft-39a45923\/\" target=\"_blank\" rel=\"noopener nofollow\"><svg class=\"icon icon-linkedin\" aria-hidden=\"true\" role=\"img\"> <use xlink:href=\"https:\/\/www.progressives-zentrum.org\/en\/wp-content\/themes\/dpz\/assets\/images\/svg-icons2.svg#icon-linkedin\"><\/use> <\/svg><\/a> <\/div><!-- .person-social --><\/div><!-- .person-info-wrapper --><div class=\"person-excerpt\">Florian Ranft is a member of the Management Board and is head of Green New Deal &amp; Progressive Governance at Das Progressive Zentrum.<\/div><\/div><!-- .person-item --><div class=\"person-publications-list\"><div class=\"publication-list-item\"><h6 class=\"publication-list-title\"><a href=\"https:\/\/www.progressives-zentrum.org\/en\/publication\/u-s-climate-policy-no-backlash-no-retreat\/\">No Backlash, No Retreat<\/a><\/h6><div class=\"publication-list-excerpt\">Public support for climate and economic policies remains remarkably stable in Germany and the U.S., with no significant backlash against green agendas in either country.<\/div><\/div><div class=\"publication-list-item\"><h6 class=\"publication-list-title\"><a href=\"https:\/\/www.progressives-zentrum.org\/en\/publication\/onwards-and-upwards\/\">Onwards and Upwards<\/a><\/h6><div class=\"publication-list-excerpt\">Delivering on the Promise of Progress<\/div><\/div><div class=\"publication-list-item\"><h6 class=\"publication-list-title\"><a href=\"https:\/\/www.progressives-zentrum.org\/en\/publication\/die-uebergangenen\/\">The Disregarded<\/a><\/h6><div class=\"publication-list-excerpt\">A study on the importance of regional perspectives for the great transformation<\/div><\/div><div class=\"publication-list-item\"><h6 class=\"publication-list-title\"><a href=\"https:\/\/www.progressives-zentrum.org\/en\/publication\/fortschritt-mit-geschwindigkeit-2022\/\">Full Speed Ahead: Progress in 2022+ \u2013 A Decade for a Just Transformation<\/a><\/h6><div class=\"publication-list-excerpt\">SPD, Greens and FDP as parties of progress<\/div><\/div><\/div><!-- .person-publications --><div class=\"person-item person-view-author\"><div class=\"person-info-wrapper\"><div class=\"person-thumbnail\"><a href=\"https:\/\/www.progressives-zentrum.org\/en\/person\/dr-sabrina-schulz\/\"><img loading=\"lazy\" decoding=\"async\" width=\"600\" height=\"600\" src=\"https:\/\/www.progressives-zentrum.org\/en\/wp-content\/uploads\/sites\/2\/2022\/04\/Teamfotos-Moritz-Luis-Michel-Sophie-Jasmin-27-600x600.png\" class=\"attachment-thumbnail size-thumbnail wp-post-image\" alt=\"\" sizes=\"auto, 100vw\" \/><\/a><\/div><h4 class=\"person-title\"><a href=\"https:\/\/www.progressives-zentrum.org\/en\/person\/dr-sabrina-schulz\/\">Dr. Sabrina Schulz<\/a><\/h4><div class=\"person-position\">Policy Fellow<\/div><div class=\"person-social\"><a class=\"person-email\" href=\"mailto:sabrina.schulz@progressives-zentrum.org\"><svg class=\"icon icon-envelope-o\" aria-hidden=\"true\" role=\"img\"> <use xlink:href=\"https:\/\/www.progressives-zentrum.org\/en\/wp-content\/themes\/dpz\/assets\/images\/svg-icons2.svg#icon-envelope-o\"><\/use> <\/svg><\/a> <\/div><!-- .person-social --><\/div><!-- .person-info-wrapper --><div class=\"person-excerpt\">Sabrina Schulz works as the Director Germany at the European Initiative for Energy Security and as a consultant, analyst and moderator. Previously, she was a board member of a holding company for start-ups in the ClimateTech sector, worked as director of the Sustainable Development Solutions Network (SDSN) Germany, headed the Berlin office of KfW F\u00f6rder- und Entwicklungsbank and was founding director of the Berlin office of E3G - Third Generation Environmentalism. She began her career in the climate sector as a climate diplomat at the British Foreign Office.<\/div><\/div><!-- .person-item --><div class=\"person-publications-list\"><div class=\"publication-list-item\"><h6 class=\"publication-list-title\"><a href=\"https:\/\/www.progressives-zentrum.org\/en\/publication\/paving-the-way-towards-resilient-european-civic-cooperation\/\">Paving the Way Towards Resilient European Civic Cooperation<\/a><\/h6><div class=\"publication-list-excerpt\">This paper was created in the context of \u201cDaring New Spaces: Striving towards a European Public Sphere\u201d<\/div><\/div><\/div><!-- .person-publications --><div class=\"person-item person-view-author\"><div class=\"person-info-wrapper\"><div class=\"person-thumbnail\"><a href=\"https:\/\/www.progressives-zentrum.org\/en\/person\/johannes-uhl\/\"><img loading=\"lazy\" decoding=\"async\" width=\"600\" height=\"600\" src=\"https:\/\/www.progressives-zentrum.org\/en\/wp-content\/uploads\/sites\/2\/2022\/05\/Johannes-Uhl-496-600x600.jpg\" class=\"attachment-thumbnail size-thumbnail wp-post-image\" alt=\"\" sizes=\"auto, 100vw\" \/><\/a><\/div><h4 class=\"person-title\"><a href=\"https:\/\/www.progressives-zentrum.org\/en\/person\/johannes-uhl\/\">Johannes Uhl<\/a><\/h4><div class=\"person-position\">Deutsche Gesellschaft f\u00fcr Internationale Zusammenarbeit (GIZ)<\/div><div class=\"person-social\"><\/div><!-- .person-social --><\/div><!-- .person-info-wrapper --><div class=\"person-excerpt\">Johannes Uhl ist Projektdirektor bei der Deutschen Gesellschaft f\u00fcr Internationale Zusam- menarbeit (GIZ) und verantwortlich f\u00fcr die Projekte der Agentur zur Energieau\u00dfenpolitik. Zuvor war er als Sachbearbeiter im Ausw\u00e4rtigen Amt und im Kabinett des Wirtschaftsministers des Landes Th\u00fcringen t\u00e4tig.<\/div><\/div><!-- .person-item --><div class=\"person-item person-view-author\"><div class=\"person-info-wrapper\"><div class=\"person-thumbnail\"><a href=\"https:\/\/www.progressives-zentrum.org\/en\/person\/philipp-wendel\/\"><img loading=\"lazy\" decoding=\"async\" width=\"600\" height=\"600\" src=\"https:\/\/www.progressives-zentrum.org\/en\/wp-content\/uploads\/sites\/2\/2022\/05\/Philipp-Wendel-497-600x600.jpg\" class=\"attachment-thumbnail size-thumbnail wp-post-image\" alt=\"\" sizes=\"auto, 100vw\" \/><\/a><\/div><h4 class=\"person-title\"><a href=\"https:\/\/www.progressives-zentrum.org\/en\/person\/philipp-wendel\/\">Philipp Wendel<\/a><\/h4><div class=\"person-position\">Federal Foreign Office<\/div><div class=\"person-social\"><\/div><!-- .person-social --><\/div><!-- .person-info-wrapper --><div class=\"person-excerpt\">Dr. Philipp Wendel heads the department at the Federal Foreign Office that deals with the foreign policy dimension of the energy transition. His work focuses on the geopolitical implications of the energy transition and the promotion of renewable energies abroad. <\/div><\/div><!-- .person-item --><div class=\"person-item person-view-author\"><div class=\"person-info-wrapper\"><div class=\"person-thumbnail\"><a href=\"https:\/\/www.progressives-zentrum.org\/en\/person\/fiona-d-wollensack\/\"><img loading=\"lazy\" decoding=\"async\" width=\"600\" height=\"600\" src=\"https:\/\/www.progressives-zentrum.org\/en\/wp-content\/uploads\/sites\/2\/2022\/05\/Teamfotos-Moritz-Luis-Michel-Sophie-Jasmin-29-600x600.png\" class=\"attachment-thumbnail size-thumbnail wp-post-image\" alt=\"\" sizes=\"auto, 100vw\" \/><\/a><\/div><h4 class=\"person-title\"><a href=\"https:\/\/www.progressives-zentrum.org\/en\/person\/fiona-d-wollensack\/\">Fiona D. Wollensack<\/a><\/h4><div class=\"person-position\">Alumna<\/div><div class=\"person-social\"><\/div><!-- .person-social --><\/div><!-- .person-info-wrapper --><div class=\"person-excerpt\">Fiona D. Wollensack is a Policy Adviser at German agency for international development cooperation (GIZ), where she focuses on renewable energy policy, particularly in Africa. <\/div><\/div><!-- .person-item -->\n<\/div>\n\n\n\n<div class=\"wp-block-column is-layout-flow wp-block-column-is-layout-flow\" style=\"flex-basis:25%\"><div class=\"publication-image\"><img loading=\"lazy\" decoding=\"async\" width=\"640\" height=\"890\" src=\"https:\/\/www.progressives-zentrum.org\/en\/wp-content\/uploads\/sites\/2\/2022\/04\/Just-Transition-Cover-mit-Schatten-353x500-1-640x890.png\" class=\"attachment-dpz-publication-cover size-dpz-publication-cover\" alt=\"\" sizes=\"auto, 100vw\" \/><\/div>\n\n\n\n<h4 class=\"wp-block-heading\">Content<\/h4>\n\n\n\n<p><a data-type=\"internal\" data-id=\"#zusammenfassung\" href=\"#zusammenfassung\">Summary<\/a><br><a href=\"#autorinnen\">Authors<\/a><\/p>\n\n\n<div class=\"publication-file\"><a target=\"_blank\" href=\"https:\/\/www.progressives-zentrum.org\/en\/wp-content\/uploads\/sites\/2\/2022\/04\/Policy-Brief_Foreign-Policy-Just-Transition_final.pdf\" class=\"wp-block-button__link no-border-radius publication-file-link\">to the policy brief <span class=\"linkicon\"><svg class=\"icon icon-pdf\" aria-hidden=\"true\" role=\"img\"> <use xlink:href=\"https:\/\/www.progressives-zentrum.org\/en\/wp-content\/themes\/dpz\/assets\/images\/svg-icons2.svg#icon-pdf\"><\/use> <\/svg><\/span><\/a><\/div>\n\n\n<div class=\"persons-wrapper \"><div class=\"person-item person-view-small\"><div class=\"person-thumbnail\"><a href=\"https:\/\/www.progressives-zentrum.org\/en\/person\/dr-florian-ranft\/\"><img loading=\"lazy\" decoding=\"async\" width=\"600\" height=\"600\" src=\"https:\/\/www.progressives-zentrum.org\/en\/wp-content\/uploads\/sites\/2\/2021\/11\/Florian-Ranft-600x600.jpg\" class=\"attachment-thumbnail size-thumbnail wp-post-image\" alt=\"\" sizes=\"auto, 100vw\" \/><\/a><\/div><div class=\"person-title-line\"><\/div><h4 class=\"person-title\"><a href=\"https:\/\/www.progressives-zentrum.org\/en\/person\/dr-florian-ranft\/\">Florian Ranft<\/a><\/h4><div class=\"person-position\">Member of the Management Board and Head of Green New Deal<\/div><\/div><!-- .person-item --><div class=\"person-item person-view-small\"><div class=\"person-thumbnail\"><a href=\"https:\/\/www.progressives-zentrum.org\/en\/person\/dr-sabrina-schulz\/\"><img loading=\"lazy\" decoding=\"async\" width=\"600\" height=\"600\" src=\"https:\/\/www.progressives-zentrum.org\/en\/wp-content\/uploads\/sites\/2\/2022\/04\/Teamfotos-Moritz-Luis-Michel-Sophie-Jasmin-27-600x600.png\" class=\"attachment-thumbnail size-thumbnail wp-post-image\" alt=\"\" sizes=\"auto, 100vw\" \/><\/a><\/div><div class=\"person-title-line\"><\/div><h4 class=\"person-title\"><a href=\"https:\/\/www.progressives-zentrum.org\/en\/person\/dr-sabrina-schulz\/\">Dr. Sabrina Schulz<\/a><\/h4><div class=\"person-position\">Policy Fellow<\/div><\/div><!-- .person-item --><div class=\"person-item person-view-small\"><div class=\"person-thumbnail\"><a href=\"https:\/\/www.progressives-zentrum.org\/en\/person\/johannes-uhl\/\"><img loading=\"lazy\" decoding=\"async\" width=\"600\" height=\"600\" src=\"https:\/\/www.progressives-zentrum.org\/en\/wp-content\/uploads\/sites\/2\/2022\/05\/Johannes-Uhl-496-600x600.jpg\" class=\"attachment-thumbnail size-thumbnail wp-post-image\" alt=\"\" sizes=\"auto, 100vw\" \/><\/a><\/div><div class=\"person-title-line\"><\/div><h4 class=\"person-title\"><a href=\"https:\/\/www.progressives-zentrum.org\/en\/person\/johannes-uhl\/\">Johannes Uhl<\/a><\/h4><div class=\"person-position\">Deutsche Gesellschaft f\u00fcr Internationale Zusammenarbeit (GIZ)<\/div><\/div><!-- .person-item --><div class=\"person-item person-view-small\"><div class=\"person-thumbnail\"><a href=\"https:\/\/www.progressives-zentrum.org\/en\/person\/philipp-wendel\/\"><img loading=\"lazy\" decoding=\"async\" width=\"600\" height=\"600\" src=\"https:\/\/www.progressives-zentrum.org\/en\/wp-content\/uploads\/sites\/2\/2022\/05\/Philipp-Wendel-497-600x600.jpg\" class=\"attachment-thumbnail size-thumbnail wp-post-image\" alt=\"\" sizes=\"auto, 100vw\" \/><\/a><\/div><div class=\"person-title-line\"><\/div><h4 class=\"person-title\"><a href=\"https:\/\/www.progressives-zentrum.org\/en\/person\/philipp-wendel\/\">Philipp Wendel<\/a><\/h4><div class=\"person-position\">Federal Foreign Office<\/div><\/div><!-- .person-item --><div class=\"person-item person-view-small\"><div class=\"person-thumbnail\"><a href=\"https:\/\/www.progressives-zentrum.org\/en\/person\/fiona-d-wollensack\/\"><img loading=\"lazy\" decoding=\"async\" width=\"600\" height=\"600\" src=\"https:\/\/www.progressives-zentrum.org\/en\/wp-content\/uploads\/sites\/2\/2022\/05\/Teamfotos-Moritz-Luis-Michel-Sophie-Jasmin-29-600x600.png\" class=\"attachment-thumbnail size-thumbnail wp-post-image\" alt=\"\" sizes=\"auto, 100vw\" \/><\/a><\/div><div class=\"person-title-line\"><\/div><h4 class=\"person-title\"><a href=\"https:\/\/www.progressives-zentrum.org\/en\/person\/fiona-d-wollensack\/\">Fiona D. Wollensack<\/a><\/h4><div class=\"person-position\">Alumna<\/div><\/div><!-- .person-item --><\/div><!-- .persons-wrapper -->\n<\/div>\n<\/div>\n\n\n\n<div class=\"wp-block-group alignfull nopadding\"><div class=\"wp-block-group__inner-container is-layout-flow wp-block-group-is-layout-flow\"><\/div><\/div>\n\n\n\n<div class=\"wp-block-group alignfull nopadding\"><div class=\"wp-block-group__inner-container is-layout-flow wp-block-group-is-layout-flow\"><\/div><\/div>\n\n\n\n<div class=\"wp-block-cover is-light alignfull\" style=\"min-height:304px;aspect-ratio:unset;\"><span aria-hidden=\"true\" class=\"wp-block-cover__background has-light-grey-background-color has-background-dim-90 has-background-dim\"><\/span><div class=\"wp-block-cover__inner-container is-layout-flow wp-block-cover-is-layout-flow\"><div class=\"wp-block-image\">\n<figure class=\"aligncenter size-full is-resized\"><img loading=\"lazy\" decoding=\"async\" src=\"https:\/\/www.progressives-zentrum.org\/en\/wp-content\/uploads\/sites\/2\/2022\/06\/dpz_2022_claim_EN_positiv_72dpi.png\" alt=\"\" class=\"wp-image-12348\" width=\"578\" height=\"57\"\/><\/figure><\/div>\n\n\n<p class=\"has-text-align-center alignsmall has-medium-font-size\">We develop and debate progressive ideas and bring together leading actors who turn thoughts into action. Our think tank\u2019s goal: making the just transformation a reality. <a href=\"https:\/\/www.progressives-zentrum.org\/en\/about-us\/\" data-type=\"page\" data-id=\"1847\">\u25b8 Learn more<\/a><\/p>\n<\/div><\/div>\n\n\n\n<p><\/p>\n","protected":false},"excerpt":{"rendered":"<p>Building a bridge between foreign policy and the underlying economic and social changes which arise as part of the challenges of the energy transition<\/p>\n","protected":false},"featured_media":0,"menu_order":0,"template":"","tags":[324,309,197,277],"class_list":["post-5251","publication","type-publication","status-publish","hentry","tag-klimapolitik","tag-eu","tag-sozial-oekologische-marktwirtschaft","tag-just-energy-transition","publication_categories-policy-paper"],"acf":[],"yoast_head":"<!-- This site is optimized with the Yoast SEO Premium plugin v24.3 (Yoast SEO v24.3) - https:\/\/yoast.com\/wordpress\/plugins\/seo\/ -->\n<title>Foreign Policy and the Just Transition - Das Progressive Zentrum - EN<\/title>\n<meta name=\"robots\" content=\"index, follow, max-snippet:-1, max-image-preview:large, max-video-preview:-1\" \/>\n<link rel=\"canonical\" href=\"https:\/\/www.progressives-zentrum.org\/en\/publication\/foreign-policy-and-the-just-transition\/\" \/>\n<meta property=\"og:locale\" content=\"en_US\" \/>\n<meta property=\"og:type\" content=\"article\" \/>\n<meta property=\"og:title\" content=\"Foreign Policy and the Just Transition\" \/>\n<meta property=\"og:description\" content=\"Building a bridge between foreign policy and the underlying economic and social changes which arise as part of the challenges of the energy transition\" \/>\n<meta property=\"og:url\" content=\"https:\/\/www.progressives-zentrum.org\/en\/publication\/foreign-policy-and-the-just-transition\/\" \/>\n<meta property=\"og:site_name\" content=\"Das Progressive Zentrum - EN\" \/>\n<meta property=\"article:modified_time\" content=\"2022-11-22T10:38:01+00:00\" \/>\n<meta name=\"twitter:card\" content=\"summary_large_image\" \/>\n<meta name=\"twitter:label1\" content=\"Est. reading time\" \/>\n\t<meta name=\"twitter:data1\" content=\"3 minutes\" \/>\n<script type=\"application\/ld+json\" class=\"yoast-schema-graph\">{\"@context\":\"https:\/\/schema.org\",\"@graph\":[{\"@type\":\"WebPage\",\"@id\":\"https:\/\/www.progressives-zentrum.org\/en\/publication\/foreign-policy-and-the-just-transition\/\",\"url\":\"https:\/\/www.progressives-zentrum.org\/en\/publication\/foreign-policy-and-the-just-transition\/\",\"name\":\"Foreign Policy and the Just Transition - Das Progressive Zentrum - EN\",\"isPartOf\":{\"@id\":\"https:\/\/www.progressives-zentrum.org\/en\/#website\"},\"datePublished\":\"2019-09-24T08:08:00+00:00\",\"dateModified\":\"2022-11-22T10:38:01+00:00\",\"breadcrumb\":{\"@id\":\"https:\/\/www.progressives-zentrum.org\/en\/publication\/foreign-policy-and-the-just-transition\/#breadcrumb\"},\"inLanguage\":\"en-US\",\"potentialAction\":[{\"@type\":\"ReadAction\",\"target\":[\"https:\/\/www.progressives-zentrum.org\/en\/publication\/foreign-policy-and-the-just-transition\/\"]}]},{\"@type\":\"BreadcrumbList\",\"@id\":\"https:\/\/www.progressives-zentrum.org\/en\/publication\/foreign-policy-and-the-just-transition\/#breadcrumb\",\"itemListElement\":[{\"@type\":\"ListItem\",\"position\":1,\"name\":\"Startseite\",\"item\":\"https:\/\/www.progressives-zentrum.org\/en\/\"},{\"@type\":\"ListItem\",\"position\":2,\"name\":\"Publikationen\",\"item\":\"https:\/\/www.progressives-zentrum.org\/en\/publications\/\"},{\"@type\":\"ListItem\",\"position\":3,\"name\":\"Foreign Policy and the Just Transition\"}]},{\"@type\":\"WebSite\",\"@id\":\"https:\/\/www.progressives-zentrum.org\/en\/#website\",\"url\":\"https:\/\/www.progressives-zentrum.org\/en\/\",\"name\":\"Das Progressive Zentrum - EN\",\"description\":\"Renewing the Promise of Progress.\",\"potentialAction\":[{\"@type\":\"SearchAction\",\"target\":{\"@type\":\"EntryPoint\",\"urlTemplate\":\"https:\/\/www.progressives-zentrum.org\/en\/?s={search_term_string}\"},\"query-input\":{\"@type\":\"PropertyValueSpecification\",\"valueRequired\":true,\"valueName\":\"search_term_string\"}}],\"inLanguage\":\"en-US\"}]}<\/script>\n<!-- \/ Yoast SEO Premium plugin. -->","yoast_head_json":{"title":"Foreign Policy and the Just Transition - Das Progressive Zentrum - EN","robots":{"index":"index","follow":"follow","max-snippet":"max-snippet:-1","max-image-preview":"max-image-preview:large","max-video-preview":"max-video-preview:-1"},"canonical":"https:\/\/www.progressives-zentrum.org\/en\/publication\/foreign-policy-and-the-just-transition\/","og_locale":"en_US","og_type":"article","og_title":"Foreign Policy and the Just Transition","og_description":"Building a bridge between foreign policy and the underlying economic and social changes which arise as part of the challenges of the energy transition","og_url":"https:\/\/www.progressives-zentrum.org\/en\/publication\/foreign-policy-and-the-just-transition\/","og_site_name":"Das Progressive Zentrum - EN","article_modified_time":"2022-11-22T10:38:01+00:00","twitter_card":"summary_large_image","twitter_misc":{"Est. reading time":"3 minutes"},"schema":{"@context":"https:\/\/schema.org","@graph":[{"@type":"WebPage","@id":"https:\/\/www.progressives-zentrum.org\/en\/publication\/foreign-policy-and-the-just-transition\/","url":"https:\/\/www.progressives-zentrum.org\/en\/publication\/foreign-policy-and-the-just-transition\/","name":"Foreign Policy and the Just Transition - Das Progressive Zentrum - EN","isPartOf":{"@id":"https:\/\/www.progressives-zentrum.org\/en\/#website"},"datePublished":"2019-09-24T08:08:00+00:00","dateModified":"2022-11-22T10:38:01+00:00","breadcrumb":{"@id":"https:\/\/www.progressives-zentrum.org\/en\/publication\/foreign-policy-and-the-just-transition\/#breadcrumb"},"inLanguage":"en-US","potentialAction":[{"@type":"ReadAction","target":["https:\/\/www.progressives-zentrum.org\/en\/publication\/foreign-policy-and-the-just-transition\/"]}]},{"@type":"BreadcrumbList","@id":"https:\/\/www.progressives-zentrum.org\/en\/publication\/foreign-policy-and-the-just-transition\/#breadcrumb","itemListElement":[{"@type":"ListItem","position":1,"name":"Startseite","item":"https:\/\/www.progressives-zentrum.org\/en\/"},{"@type":"ListItem","position":2,"name":"Publikationen","item":"https:\/\/www.progressives-zentrum.org\/en\/publications\/"},{"@type":"ListItem","position":3,"name":"Foreign Policy and the Just Transition"}]},{"@type":"WebSite","@id":"https:\/\/www.progressives-zentrum.org\/en\/#website","url":"https:\/\/www.progressives-zentrum.org\/en\/","name":"Das Progressive Zentrum - EN","description":"Renewing the Promise of Progress.","potentialAction":[{"@type":"SearchAction","target":{"@type":"EntryPoint","urlTemplate":"https:\/\/www.progressives-zentrum.org\/en\/?s={search_term_string}"},"query-input":{"@type":"PropertyValueSpecification","valueRequired":true,"valueName":"search_term_string"}}],"inLanguage":"en-US"}]}},"_links":{"self":[{"href":"https:\/\/www.progressives-zentrum.org\/en\/wp-json\/wp\/v2\/publication\/5251","targetHints":{"allow":["GET"]}}],"collection":[{"href":"https:\/\/www.progressives-zentrum.org\/en\/wp-json\/wp\/v2\/publication"}],"about":[{"href":"https:\/\/www.progressives-zentrum.org\/en\/wp-json\/wp\/v2\/types\/publication"}],"version-history":[{"count":17,"href":"https:\/\/www.progressives-zentrum.org\/en\/wp-json\/wp\/v2\/publication\/5251\/revisions"}],"predecessor-version":[{"id":14333,"href":"https:\/\/www.progressives-zentrum.org\/en\/wp-json\/wp\/v2\/publication\/5251\/revisions\/14333"}],"wp:attachment":[{"href":"https:\/\/www.progressives-zentrum.org\/en\/wp-json\/wp\/v2\/media?parent=5251"}],"wp:term":[{"taxonomy":"post_tag","embeddable":true,"href":"https:\/\/www.progressives-zentrum.org\/en\/wp-json\/wp\/v2\/tags?post=5251"}],"curies":[{"name":"wp","href":"https:\/\/api.w.org\/{rel}","templated":true}]}}