{"id":13718,"date":"2018-03-01T12:44:00","date_gmt":"2018-03-01T11:44:00","guid":{"rendered":"https:\/\/www.progressives-zentrum.org\/en\/?post_type=publication&#038;p=13718"},"modified":"2022-11-22T11:27:45","modified_gmt":"2022-11-22T10:27:45","slug":"ebook-the-future-of-the-visegrad-group","status":"publish","type":"publication","link":"https:\/\/www.progressives-zentrum.org\/en\/publication\/ebook-the-future-of-the-visegrad-group\/","title":{"rendered":"Ebook: \u201cThe Future of the Visegrad Group\u201d"},"content":{"rendered":"\n<div class=\"wp-block-columns is-layout-flex wp-container-core-columns-is-layout-1 wp-block-columns-is-layout-flex\">\n<div class=\"wp-block-column is-layout-flow wp-block-column-is-layout-flow\" style=\"flex-basis:75%\">\n<h4 class=\"wp-block-heading\" id=\"zusammenfassung\">Summary<\/h4>\n\n\n\n<p><strong><em>The ebook examines internal developments within the Visegrad Group and sketches scenarios for its engagement at the European level. Distinguished scholars and renowned political figures from the region contributed to this publication, presented jointly by the Foundation for European Progressive Studies and Das Progressive Zentrum.<\/em><\/strong><\/p>\n\n\n\n<p>The ebook examines internal developments within the Visegrad Group and sketches scenarios for its engagement at the European level. Distinguished scholars and renowned political figures from the region contributed to this publication, presented jointly by the Foundation for European Progressive Studies and Das Progressive Zentrum.<\/p>\n\n\n\n<p>The Visegrad Group (V4, consisting of Czech Republic, Hungary, Poland and Slovakia) has been in the European spotlight lately. This once peripheral, regional alliance suddenly proved capable of single-cause impromptu mobilisation within the EU-framework. The ebook \u201eThe Future of the Visegrad Group\u201c explores how sustainable this alliance is and how can it affect the European Union. Thereby, it not only takes stock of the status-quo but also maps out two scenarios about the future course of the Group. After all, many normative questions demand answers since the European community has been facing a \u201cpolycrisis\u201d, lacking a consent on which principles it should follow.<\/p>\n\n\n\n<p>The publication is the product of a joint initiative by the <a href=\"http:\/\/www.feps-europe.eu\/en\/\" target=\"_blank\" rel=\"noreferrer noopener\">Foundation for European Progressive Studies<\/a> (FEPS), and the Berlin-based think tank Das Progressive Zentrum. It aimed to capture the diversity of the region and provide fresh, creative insights. Thanks to the engagement of distinguished scholars and renowned political figures from the region, this collection presents a more holistic, trans-regional reflection on the Visegrad Group in the European context.<\/p>\n\n\n\n<p>The editors hope that this book will help better understand the positions and interests of the four younger member states in question \u2013 for the benefit of the whole European Community.<\/p>\n\n\n\n<h2 class=\"wp-block-heading\">Contents Overview<\/h2>\n\n\n\n<p>I. Mapping the Interests within the V4<\/p>\n\n\n\n<ul class=\"wp-block-list\"><li>Czechia: From a V4-Enthusiast to a V4-Sceptic and Back Again<br>by Tereza Novotn\u00e1, Zuzana Stuchl\u00edkov\u00e1<\/li><li>Hungary and the Visegrad Four<br>by Tam\u00e1s Boros<\/li><li>Poland\u2019s European Policy \u2013 Drafting Away From the Mainstream<br>by Agnieszka \u0141ada<\/li><li>Slovakia: Squaring the Visegrad Circle<br>by Radovan Geist<\/li><\/ul>\n\n\n\n<p>II. Future Scenarios for the V4<\/p>\n\n\n\n<ul class=\"wp-block-list\"><li>Diverging Visions for Europe: EU and Visegrad Group at the Midterm of Legislative Period 2014 \u2013 2019<br>by Ania Skrzypek<\/li><li>Lessons from 26 years of Visegrad\u2019s History<br>by Ireneusz Bil<\/li><\/ul>\n\n\n\n<p>III. Possible Progressive Alliances<\/p>\n\n\n\n<ul class=\"wp-block-list\"><li>Czechia: The Rise of Populism and the Crisis of Identity of Centre-Left<br>by Miroslav Poche<\/li><li>The State of Progressive Ideas in Hungary<br>by Ildiko Lendvai<\/li><li>Opinion on the Left in Poland<br>by S\u0142awomir Wiatr and Przemys\u0142aw Potocki<\/li><li>Slovak social democracy: focus on social issues<br>by \u013dubo\u0161 Blaha<\/li><\/ul>\n\n\n\n<p>IV. Epilogue<\/p>\n\n\n\n<ul class=\"wp-block-list\"><li>The Future of V4: Where Have All the Progressive Ideas Gone and When Will They Come Back?<br>by Andrea Pet\u0151<\/li><\/ul>\n\n\n\n<h2 class=\"wp-block-heading\">Background of the Visegrad Project<\/h2>\n\n\n\n<p>Here you can&nbsp;learn more about our thematic V4 roundtables held in 2017&nbsp;<a href=\"https:\/\/www.progressives-zentrum.org\/the-future-of-the-visegrad-group\/\" target=\"_blank\" rel=\"noreferrer noopener\">in Berlin<\/a>&nbsp;and <a href=\"https:\/\/www.progressives-zentrum.org\/the-future-of-the-visegrad-group-2\/\" target=\"_blank\" rel=\"noreferrer noopener\">in Brussels<\/a>.<\/p>\n\n\n\n<p>\u201cThe Future of the Visegrad Group\u201d is a joint project of Das Progressive Zentrum and the <a href=\"http:\/\/www.feps-europe.eu\/en\/\" target=\"_blank\" rel=\"noreferrer noopener\">Foundation for European Progressive Studies<\/a>.<\/p>\n\n\n\n<h4 class=\"wp-block-heading\" id=\"autorinnen\">Authors<\/h4>\n\n\n<div class=\"person-item person-view-author\"><div class=\"person-info-wrapper\"><div class=\"person-thumbnail\"><a href=\"https:\/\/www.progressives-zentrum.org\/en\/person\/dr-maria-skora\/\"><img loading=\"lazy\" decoding=\"async\" width=\"600\" height=\"600\" src=\"https:\/\/www.progressives-zentrum.org\/en\/wp-content\/uploads\/sites\/2\/2022\/04\/Maria-Skora_gross_Das-Progressive-Zentrum_Capital-Headshots-Berlin-1-1024x681-1-600x600.jpg\" class=\"attachment-thumbnail size-thumbnail wp-post-image\" alt=\"\" sizes=\"auto, 100vw\" \/><\/a><\/div><h4 class=\"person-title\"><a href=\"https:\/\/www.progressives-zentrum.org\/en\/person\/dr-maria-skora\/\">Dr. Maria Sk\u00f3ra<\/a><\/h4><div class=\"person-position\">Policy Fellow<\/div><div class=\"person-social\"><a class=\"person-twitter\" href=\"https:\/\/twitter.com\/mariaskora\" target=\"_blank\" rel=\"noopener nofollow\"><svg class=\"icon icon-twitter\" aria-hidden=\"true\" role=\"img\"> <use xlink:href=\"https:\/\/www.progressives-zentrum.org\/en\/wp-content\/themes\/dpz\/assets\/images\/svg-icons2.svg#icon-twitter\"><\/use> <\/svg><\/a> <\/div><!-- .person-social --><\/div><!-- .person-info-wrapper --><div class=\"person-excerpt\">Maria Sk\u00f3ra is a policy fellow at Das Progressive Zentrum. Previously, she was Research Associate at the Institut f\u00fcr Europ\u00e4ische Politik and head of the International Dialogue program at Das Progressive Zentrum.<\/div><\/div><!-- .person-item --><div class=\"person-publications-list\"><div class=\"publication-list-item\"><h6 class=\"publication-list-title\"><a href=\"https:\/\/www.progressives-zentrum.org\/en\/publication\/before-the-election-insights\/\">Before the Election: Insights from the US Industrial Heartlands<\/a><\/h6><div class=\"publication-list-excerpt\">What do people in the industrial heartlands of the US Midwest actually think about politics? And what are the actual needs and concerns of these communities?<\/div><\/div><div class=\"publication-list-item\"><h6 class=\"publication-list-title\"><a href=\"https:\/\/www.progressives-zentrum.org\/en\/publication\/foreign-policy-for-the-middle-classes\/\">Foreign Policy for the Middle Classes: New Industrial Policy in Times of Geoeconomic Shift<\/a><\/h6><div class=\"publication-list-excerpt\">In light of the recent geo-economic shifts accelerated by the pandemic, global crises and conflicts, and the ongoing efforts to tackle the climate crisis, one group is facing particular challenges: The middle class in the former industrial heartlands across the US and Europe.<\/div><\/div><div class=\"publication-list-item\"><h6 class=\"publication-list-title\"><a href=\"https:\/\/www.progressives-zentrum.org\/en\/publication\/european-elections\/\">More diverse than united? A comparative analysis of the EU elections 2024<\/a><\/h6><div class=\"publication-list-excerpt\">Analysis of European Parliament election programmes and electoral campaigns, focusing on key member states in a comparative perspective.<\/div><\/div><div class=\"publication-list-item\"><h6 class=\"publication-list-title\"><a href=\"https:\/\/www.progressives-zentrum.org\/en\/publication\/new-progressive-ostpolitik-for-europe\/\">New Progressive Ostpolitik for Europe<\/a><\/h6><div class=\"publication-list-excerpt\">The complexity of today\u2019s situation should not discourage us from thinking bold<\/div><\/div><\/div><!-- .person-publications --><div class=\"person-item person-view-author\"><div class=\"person-info-wrapper\"><div class=\"person-thumbnail\"><a href=\"https:\/\/www.progressives-zentrum.org\/en\/person\/ania-skrzypek-phd\/\"><img loading=\"lazy\" decoding=\"async\" width=\"600\" height=\"600\" src=\"https:\/\/www.progressives-zentrum.org\/en\/wp-content\/uploads\/sites\/2\/2022\/05\/Ania-Skrzypek-313-600x600.jpg\" class=\"attachment-thumbnail size-thumbnail wp-post-image\" alt=\"\" sizes=\"auto, 100vw\" \/><\/a><\/div><h4 class=\"person-title\"><a href=\"https:\/\/www.progressives-zentrum.org\/en\/person\/ania-skrzypek-phd\/\">Ania Skrzypek<\/a><\/h4><div class=\"person-position\">Foundations for European Progressive Studies<\/div><div class=\"person-social\"><\/div><!-- .person-social --><\/div><!-- .person-info-wrapper --><div class=\"person-excerpt\">Ania Skrzypek\u00a0was\u00a0born in Warsaw in 1979 and is Director for Research and Training at the\u00a0Foundations for European Progressive Studies (FEPS). She holds a Ph.D. cum laude in political sciences from the\u00a0University of Warsaw, which she obtained for her thesis \u201cCooperation of the socialist and social democratic\u00a0parties in uniting Europe. <\/div><\/div><!-- .person-item -->\n<\/div>\n\n\n\n<div class=\"wp-block-column is-layout-flow wp-block-column-is-layout-flow\" style=\"flex-basis:25%\"><div class=\"publication-image\"><img loading=\"lazy\" decoding=\"async\" width=\"640\" height=\"890\" src=\"https:\/\/www.progressives-zentrum.org\/en\/wp-content\/uploads\/sites\/2\/2022\/09\/The_future_of_the_Visegrad_group_cover-640x890.png\" class=\"attachment-dpz-publication-cover size-dpz-publication-cover\" alt=\"\" sizes=\"auto, 100vw\" \/><\/div>\n\n\n\n<h4 class=\"wp-block-heading\">Content<\/h4>\n\n\n\n<p><a data-type=\"internal\" data-id=\"#zusammenfassung\" href=\"#zusammenfassung\">Summary<\/a><br><a href=\"#autorinnen\">Authors<\/a><br><\/p>\n\n\n<div class=\"publication-file\"><a target=\"_blank\" href=\"https:\/\/www.progressives-zentrum.org\/en\/wp-content\/uploads\/sites\/2\/2022\/09\/The-Future-of-the-Visegrad-Group_2018_ebook.pdf\" class=\"wp-block-button__link no-border-radius publication-file-link\">Download the ebook <span class=\"linkicon\"><svg class=\"icon icon-pdf\" aria-hidden=\"true\" role=\"img\"> <use xlink:href=\"https:\/\/www.progressives-zentrum.org\/en\/wp-content\/themes\/dpz\/assets\/images\/svg-icons2.svg#icon-pdf\"><\/use> <\/svg><\/span><\/a><\/div>\n\n\n<div class=\"persons-wrapper \"><div class=\"person-item person-view-small\"><div class=\"person-thumbnail\"><a href=\"https:\/\/www.progressives-zentrum.org\/en\/person\/dr-maria-skora\/\"><img loading=\"lazy\" decoding=\"async\" width=\"600\" height=\"600\" src=\"https:\/\/www.progressives-zentrum.org\/en\/wp-content\/uploads\/sites\/2\/2022\/04\/Maria-Skora_gross_Das-Progressive-Zentrum_Capital-Headshots-Berlin-1-1024x681-1-600x600.jpg\" class=\"attachment-thumbnail size-thumbnail wp-post-image\" alt=\"\" sizes=\"auto, 100vw\" \/><\/a><\/div><div class=\"person-title-line\"><\/div><h4 class=\"person-title\"><a href=\"https:\/\/www.progressives-zentrum.org\/en\/person\/dr-maria-skora\/\">Dr. Maria Sk\u00f3ra<\/a><\/h4><div class=\"person-position\">Policy Fellow<\/div><\/div><!-- .person-item --><div class=\"person-item person-view-small\"><div class=\"person-thumbnail\"><a href=\"https:\/\/www.progressives-zentrum.org\/en\/person\/ania-skrzypek-phd\/\"><img loading=\"lazy\" decoding=\"async\" width=\"600\" height=\"600\" src=\"https:\/\/www.progressives-zentrum.org\/en\/wp-content\/uploads\/sites\/2\/2022\/05\/Ania-Skrzypek-313-600x600.jpg\" class=\"attachment-thumbnail size-thumbnail wp-post-image\" alt=\"\" sizes=\"auto, 100vw\" \/><\/a><\/div><div class=\"person-title-line\"><\/div><h4 class=\"person-title\"><a href=\"https:\/\/www.progressives-zentrum.org\/en\/person\/ania-skrzypek-phd\/\">Ania Skrzypek<\/a><\/h4><div class=\"person-position\">Foundations for European Progressive Studies<\/div><\/div><!-- .person-item --><\/div><!-- .persons-wrapper -->\n<\/div>\n<\/div>\n\n\n\n<div class=\"wp-block-group alignfull nopadding\"><div class=\"wp-block-group__inner-container is-layout-flow wp-block-group-is-layout-flow\"><\/div><\/div>\n\n\n\n<div class=\"wp-block-group alignfull nopadding\"><div class=\"wp-block-group__inner-container is-layout-flow wp-block-group-is-layout-flow\"><\/div><\/div>\n\n\n\n<div class=\"wp-block-cover is-light alignfull\" style=\"min-height:304px;aspect-ratio:unset;\"><span aria-hidden=\"true\" class=\"wp-block-cover__background has-light-grey-background-color has-background-dim-90 has-background-dim\"><\/span><div class=\"wp-block-cover__inner-container is-layout-flow wp-block-cover-is-layout-flow\"><div class=\"wp-block-image\">\n<figure class=\"aligncenter size-full is-resized\"><img loading=\"lazy\" decoding=\"async\" src=\"https:\/\/www.progressives-zentrum.org\/en\/wp-content\/uploads\/sites\/2\/2022\/06\/dpz_2022_claim_EN_positiv_72dpi.png\" alt=\"\" class=\"wp-image-12348\" width=\"578\" height=\"57\"\/><\/figure><\/div>\n\n\n<p class=\"has-text-align-center alignsmall has-medium-font-size\">We develop and debate progressive ideas and bring together leading actors who turn thoughts into action. Our think tank\u2019s goal: making the just transformation a reality. <a href=\"https:\/\/www.progressives-zentrum.org\/en\/about-us\/\" data-type=\"page\" data-id=\"1847\">\u25b8 Learn more<\/a><\/p>\n<\/div><\/div>\n\n\n\n<p><\/p>\n","protected":false},"excerpt":{"rendered":"<p>The ebook examines internal developments within the Visegrad Group and sketches scenarios for its engagement at the European level<\/p>\n","protected":false},"featured_media":0,"menu_order":0,"template":"","tags":[309,191],"class_list":["post-13718","publication","type-publication","status-publish","hentry","tag-eu","tag-progressive-politik-und-strategie","publication_categories-book"],"acf":[],"yoast_head":"<!-- This site is optimized with the Yoast SEO Premium plugin v24.3 (Yoast SEO v24.3) - https:\/\/yoast.com\/wordpress\/plugins\/seo\/ -->\n<title>Ebook: \u201cThe Future of the Visegrad Group\u201d - Das Progressive Zentrum - EN<\/title>\n<meta name=\"robots\" content=\"index, follow, max-snippet:-1, max-image-preview:large, max-video-preview:-1\" \/>\n<link rel=\"canonical\" href=\"https:\/\/www.progressives-zentrum.org\/en\/publication\/ebook-the-future-of-the-visegrad-group\/\" \/>\n<meta property=\"og:locale\" content=\"en_US\" \/>\n<meta property=\"og:type\" content=\"article\" \/>\n<meta property=\"og:title\" content=\"Ebook: \u201cThe Future of the Visegrad Group\u201d\" \/>\n<meta property=\"og:description\" content=\"The ebook examines internal developments within the Visegrad Group and sketches scenarios for its engagement at the European level\" \/>\n<meta property=\"og:url\" content=\"https:\/\/www.progressives-zentrum.org\/en\/publication\/ebook-the-future-of-the-visegrad-group\/\" \/>\n<meta property=\"og:site_name\" content=\"Das Progressive Zentrum - EN\" \/>\n<meta property=\"article:modified_time\" content=\"2022-11-22T10:27:45+00:00\" \/>\n<meta name=\"twitter:card\" content=\"summary_large_image\" \/>\n<meta name=\"twitter:label1\" content=\"Est. reading time\" \/>\n\t<meta name=\"twitter:data1\" content=\"3 minutes\" \/>\n<script type=\"application\/ld+json\" class=\"yoast-schema-graph\">{\"@context\":\"https:\/\/schema.org\",\"@graph\":[{\"@type\":\"WebPage\",\"@id\":\"https:\/\/www.progressives-zentrum.org\/en\/publication\/ebook-the-future-of-the-visegrad-group\/\",\"url\":\"https:\/\/www.progressives-zentrum.org\/en\/publication\/ebook-the-future-of-the-visegrad-group\/\",\"name\":\"Ebook: \u201cThe Future of the Visegrad Group\u201d - Das Progressive Zentrum - EN\",\"isPartOf\":{\"@id\":\"https:\/\/www.progressives-zentrum.org\/en\/#website\"},\"datePublished\":\"2018-03-01T11:44:00+00:00\",\"dateModified\":\"2022-11-22T10:27:45+00:00\",\"breadcrumb\":{\"@id\":\"https:\/\/www.progressives-zentrum.org\/en\/publication\/ebook-the-future-of-the-visegrad-group\/#breadcrumb\"},\"inLanguage\":\"en-US\",\"potentialAction\":[{\"@type\":\"ReadAction\",\"target\":[\"https:\/\/www.progressives-zentrum.org\/en\/publication\/ebook-the-future-of-the-visegrad-group\/\"]}]},{\"@type\":\"BreadcrumbList\",\"@id\":\"https:\/\/www.progressives-zentrum.org\/en\/publication\/ebook-the-future-of-the-visegrad-group\/#breadcrumb\",\"itemListElement\":[{\"@type\":\"ListItem\",\"position\":1,\"name\":\"Startseite\",\"item\":\"https:\/\/www.progressives-zentrum.org\/en\/\"},{\"@type\":\"ListItem\",\"position\":2,\"name\":\"Publikationen\",\"item\":\"https:\/\/www.progressives-zentrum.org\/en\/publications\/\"},{\"@type\":\"ListItem\",\"position\":3,\"name\":\"Ebook: \u201cThe Future of the Visegrad Group\u201d\"}]},{\"@type\":\"WebSite\",\"@id\":\"https:\/\/www.progressives-zentrum.org\/en\/#website\",\"url\":\"https:\/\/www.progressives-zentrum.org\/en\/\",\"name\":\"Das Progressive Zentrum - EN\",\"description\":\"Renewing the Promise of Progress.\",\"potentialAction\":[{\"@type\":\"SearchAction\",\"target\":{\"@type\":\"EntryPoint\",\"urlTemplate\":\"https:\/\/www.progressives-zentrum.org\/en\/?s={search_term_string}\"},\"query-input\":{\"@type\":\"PropertyValueSpecification\",\"valueRequired\":true,\"valueName\":\"search_term_string\"}}],\"inLanguage\":\"en-US\"}]}<\/script>\n<!-- \/ Yoast SEO Premium plugin. -->","yoast_head_json":{"title":"Ebook: \u201cThe Future of the Visegrad Group\u201d - Das Progressive Zentrum - EN","robots":{"index":"index","follow":"follow","max-snippet":"max-snippet:-1","max-image-preview":"max-image-preview:large","max-video-preview":"max-video-preview:-1"},"canonical":"https:\/\/www.progressives-zentrum.org\/en\/publication\/ebook-the-future-of-the-visegrad-group\/","og_locale":"en_US","og_type":"article","og_title":"Ebook: \u201cThe Future of the Visegrad Group\u201d","og_description":"The ebook examines internal developments within the Visegrad Group and sketches scenarios for its engagement at the European level","og_url":"https:\/\/www.progressives-zentrum.org\/en\/publication\/ebook-the-future-of-the-visegrad-group\/","og_site_name":"Das Progressive Zentrum - EN","article_modified_time":"2022-11-22T10:27:45+00:00","twitter_card":"summary_large_image","twitter_misc":{"Est. reading time":"3 minutes"},"schema":{"@context":"https:\/\/schema.org","@graph":[{"@type":"WebPage","@id":"https:\/\/www.progressives-zentrum.org\/en\/publication\/ebook-the-future-of-the-visegrad-group\/","url":"https:\/\/www.progressives-zentrum.org\/en\/publication\/ebook-the-future-of-the-visegrad-group\/","name":"Ebook: \u201cThe Future of the Visegrad Group\u201d - Das Progressive Zentrum - EN","isPartOf":{"@id":"https:\/\/www.progressives-zentrum.org\/en\/#website"},"datePublished":"2018-03-01T11:44:00+00:00","dateModified":"2022-11-22T10:27:45+00:00","breadcrumb":{"@id":"https:\/\/www.progressives-zentrum.org\/en\/publication\/ebook-the-future-of-the-visegrad-group\/#breadcrumb"},"inLanguage":"en-US","potentialAction":[{"@type":"ReadAction","target":["https:\/\/www.progressives-zentrum.org\/en\/publication\/ebook-the-future-of-the-visegrad-group\/"]}]},{"@type":"BreadcrumbList","@id":"https:\/\/www.progressives-zentrum.org\/en\/publication\/ebook-the-future-of-the-visegrad-group\/#breadcrumb","itemListElement":[{"@type":"ListItem","position":1,"name":"Startseite","item":"https:\/\/www.progressives-zentrum.org\/en\/"},{"@type":"ListItem","position":2,"name":"Publikationen","item":"https:\/\/www.progressives-zentrum.org\/en\/publications\/"},{"@type":"ListItem","position":3,"name":"Ebook: \u201cThe Future of the Visegrad Group\u201d"}]},{"@type":"WebSite","@id":"https:\/\/www.progressives-zentrum.org\/en\/#website","url":"https:\/\/www.progressives-zentrum.org\/en\/","name":"Das Progressive Zentrum - EN","description":"Renewing the Promise of Progress.","potentialAction":[{"@type":"SearchAction","target":{"@type":"EntryPoint","urlTemplate":"https:\/\/www.progressives-zentrum.org\/en\/?s={search_term_string}"},"query-input":{"@type":"PropertyValueSpecification","valueRequired":true,"valueName":"search_term_string"}}],"inLanguage":"en-US"}]}},"_links":{"self":[{"href":"https:\/\/www.progressives-zentrum.org\/en\/wp-json\/wp\/v2\/publication\/13718","targetHints":{"allow":["GET"]}}],"collection":[{"href":"https:\/\/www.progressives-zentrum.org\/en\/wp-json\/wp\/v2\/publication"}],"about":[{"href":"https:\/\/www.progressives-zentrum.org\/en\/wp-json\/wp\/v2\/types\/publication"}],"version-history":[{"count":2,"href":"https:\/\/www.progressives-zentrum.org\/en\/wp-json\/wp\/v2\/publication\/13718\/revisions"}],"predecessor-version":[{"id":13722,"href":"https:\/\/www.progressives-zentrum.org\/en\/wp-json\/wp\/v2\/publication\/13718\/revisions\/13722"}],"wp:attachment":[{"href":"https:\/\/www.progressives-zentrum.org\/en\/wp-json\/wp\/v2\/media?parent=13718"}],"wp:term":[{"taxonomy":"post_tag","embeddable":true,"href":"https:\/\/www.progressives-zentrum.org\/en\/wp-json\/wp\/v2\/tags?post=13718"}],"curies":[{"name":"wp","href":"https:\/\/api.w.org\/{rel}","templated":true}]}}