{"id":5811,"date":"2022-04-25T15:28:13","date_gmt":"2022-04-25T13:28:13","guid":{"rendered":"http:\/\/dpz.medienlabor-hosting.de\/?post_type=person&#038;p=5811"},"modified":"2024-10-31T08:29:12","modified_gmt":"2024-10-31T07:29:12","slug":"dr-maria-skora","status":"publish","type":"person","link":"https:\/\/www.progressives-zentrum.org\/en\/person\/dr-maria-skora\/","title":{"rendered":"Dr. Maria Sk\u00f3ra"},"content":{"rendered":"\n<div class=\"wp-block-group alignfull has-light-grey-background-color has-background\"><div class=\"wp-block-group__inner-container is-layout-flow wp-block-group-is-layout-flow\">\n<div class=\"wp-block-columns is-layout-flex wp-container-core-columns-is-layout-1 wp-block-columns-is-layout-flex\">\n<div class=\"wp-block-column is-layout-flow wp-block-column-is-layout-flow\" style=\"flex-basis:33.33%\"><div class=\"publications-wrapper publication-count-1\"><div class=\"publication-item publication-view-archive\"><div class=\"publication-thumbnail\"><a href=\"https:\/\/www.progressives-zentrum.org\/en\/publication\/before-the-election-insights\/\"><img loading=\"lazy\" decoding=\"async\" width=\"640\" height=\"890\" src=\"https:\/\/www.progressives-zentrum.org\/en\/wp-content\/uploads\/sites\/2\/2025\/01\/250129_dpz_industrial-heartlands_publikationscover_talking-progress-podcast-640x890.jpg\" class=\"attachment-dpz-publication-cover size-dpz-publication-cover\" alt=\"\" sizes=\"auto, 100vw\" \/><\/a><\/div><!-- .publication-thumbnail --><h4 class=\"publication-title\"><a href=\"https:\/\/www.progressives-zentrum.org\/en\/publication\/before-the-election-insights\/\">Before the Election: Insights from the US Industrial Heartlands<\/a><\/h4><div class=\"publication-date\"><span class=\"screen-reader-text\">Posted on<\/span> <time class=\"entry-date published\" datetime=\"2025-01-29T13:07:11+01:00\">29. January 2025<\/time><time class=\"updated\" datetime=\"2025-10-29T14:21:05+01:00\">29. October 2025<\/time><\/div><div class=\"publication-content\">What do people in the industrial heartlands of the US Midwest actually think about politics? And what are the actual needs and concerns of these communities?<\/div><div class=\"publication-authors\"><a class=\"publication-author-item\" href=\"https:\/\/www.progressives-zentrum.org\/en\/person\/dr-maria-skora\/\">Dr. Maria Sk\u00f3ra<\/a><\/div><div class=\"publication-category\"><a href=\"https:\/\/www.progressives-zentrum.org\/en\/publications\/podcast\/\" rel=\"tag\">Podcast<\/a><\/div><\/div><!-- .publication-item --><ul class=\"posttype-list\"><li class=\"posttype-list-item\"><a href=\"https:\/\/www.progressives-zentrum.org\/en\/publication\/foreign-policy-for-the-middle-classes\/\">Foreign Policy for the Middle Classes: New Industrial Policy in Times of Geoeconomic Shift<\/a><\/li><!-- .posttype-list-item --><li class=\"posttype-list-item\"><a href=\"https:\/\/www.progressives-zentrum.org\/en\/publication\/european-elections\/\">More diverse than united? A comparative analysis of the EU elections 2024<\/a><\/li><!-- .posttype-list-item --><li class=\"posttype-list-item\"><a href=\"https:\/\/www.progressives-zentrum.org\/en\/publication\/new-progressive-ostpolitik-for-europe\/\">New Progressive Ostpolitik for Europe<\/a><\/li><!-- .posttype-list-item --><li class=\"posttype-list-item\"><a href=\"https:\/\/www.progressives-zentrum.org\/en\/publication\/the-european-election-2019-a-comparative-outlook-at-the-european-election-campaigns-in-france-germany-and-poland\/\">The European Election 2019: A Comparative Outlook at the European Election Campaigns in France, Germany and Poland<\/a><\/li><!-- .posttype-list-item --><li class=\"posttype-list-item\"><a href=\"https:\/\/www.progressives-zentrum.org\/en\/publication\/eu-streit-mit-ungarn-wie-geht-es-weiter\/\">EU Dispute with Hungary: What\u2019s Next?<\/a><\/li><!-- .posttype-list-item --><\/ul><!-- .posttype-list --><\/div><!-- .publications-wrapper -->\n<\/div>\n\n\n\n<div class=\"wp-block-column is-layout-flow wp-block-column-is-layout-flow\" style=\"flex-basis:66.66%\"><div class=\"news-items-wrapper news-view-normal news-count-2\">  <div class=\"news-item\"><div class=\"news-thumbnail\"><a href=\"https:\/\/www.progressives-zentrum.org\/en\/meanders-of-democratic-renewal-what-can-hungary-learn-from-the-polish-experience\/\"><img loading=\"lazy\" decoding=\"async\" width=\"768\" height=\"512\" src=\"https:\/\/www.progressives-zentrum.org\/en\/wp-content\/uploads\/sites\/2\/2026\/04\/ivan-rohovchenko-JfYSzjNRYUc-unsplash-scaled-e1776933440791-768x512.jpg\" class=\"attachment-dpz-blog-thumbnail size-dpz-blog-thumbnail wp-post-image\" alt=\"Hungarian Parliament\" sizes=\"auto, 100vw\" \/><\/a><\/div><div class=\"news-info-wrapper\"><h4 class=\"news-title\"><a href=\"https:\/\/www.progressives-zentrum.org\/en\/meanders-of-democratic-renewal-what-can-hungary-learn-from-the-polish-experience\/\">Meanders of Democratic Renewal. What Can Hungary Learn from the Polish Experience?<\/a><\/h4><div class=\"news-date\"><span class=\"screen-reader-text\">Posted on<\/span> <time class=\"entry-date published\" datetime=\"2026-04-23T10:38:58+02:00\">23. April 2026<\/time><time class=\"updated\" datetime=\"2026-04-23T10:44:37+02:00\">23. April 2026<\/time><\/div><div class=\"news-content\">Maria Sk\u00f3ra on the future of Hungary after the election: Reflections on Poland\u2019s meandering path to democratic front-sliding.<\/div><div class=\"news-authors\"><a class=\"news-author-item\" href=\"https:\/\/www.progressives-zentrum.org\/en\/person\/dr-maria-skora\/\">Dr. Maria Sk\u00f3ra<\/a><\/div><div class=\"news-category\"><a href=\"https:\/\/www.progressives-zentrum.org\/en\/kategorie\/debate\/\" rel=\"category tag\">Debate<\/a>, <a href=\"https:\/\/www.progressives-zentrum.org\/en\/kategorie\/wir-in-den-medien\/\" rel=\"category tag\">In the Media<\/a><\/div><\/div><!-- .class=\"news-info-wrapper --><\/div>  <div class=\"news-item\"><div class=\"news-thumbnail\"><a href=\"https:\/\/www.progressives-zentrum.org\/en\/reforming-the-eu-is-a-historical-necessity-for-its-ability-to-react-and-enlarge\/\"><img loading=\"lazy\" decoding=\"async\" width=\"768\" height=\"512\" src=\"https:\/\/www.progressives-zentrum.org\/en\/wp-content\/uploads\/sites\/2\/2024\/02\/imago390283801-768x512.jpg\" class=\"attachment-dpz-blog-thumbnail size-dpz-blog-thumbnail wp-post-image\" alt=\"\" sizes=\"auto, 100vw\" \/><\/a><\/div><div class=\"news-info-wrapper\"><h4 class=\"news-title\"><a href=\"https:\/\/www.progressives-zentrum.org\/en\/reforming-the-eu-is-a-historical-necessity-for-its-ability-to-react-and-enlarge\/\">Reforming the EU is a historical necessity for its ability to (re)act and enlarge<\/a><\/h4><div class=\"news-date\"><span class=\"screen-reader-text\">Posted on<\/span> <time class=\"entry-date published\" datetime=\"2024-02-08T17:30:32+01:00\">8. February 2024<\/time><time class=\"updated\" datetime=\"2025-03-06T13:45:13+01:00\">6. March 2025<\/time><\/div><div class=\"news-content\">The European Union is heading towards the next election. Prognoses assume a shift to the right, in particular with gains for the national-conservative and far-right fringe parties. Progressives will have to brace for an intensive campaign.<\/div><div class=\"news-authors\"><a class=\"news-author-item\" href=\"https:\/\/www.progressives-zentrum.org\/en\/person\/dr-maria-skora\/\">Dr. Maria Sk\u00f3ra<\/a><\/div><div class=\"news-category\"><a href=\"https:\/\/www.progressives-zentrum.org\/en\/kategorie\/debate\/\" rel=\"category tag\">Debate<\/a><\/div><\/div><!-- .class=\"news-info-wrapper --><\/div><ul class=\"posttype-list\"><li class=\"posttype-list-item\"><a href=\"https:\/\/www.progressives-zentrum.org\/en\/liberal-democracy-is-the-real-winner-polish-elections-revisited\/\">\u201cLiberal Democracy is the real winner!\u201d \u2013\u00a0Polish Elections revisited<\/a><\/li><!-- .posttype-list-item --><li class=\"posttype-list-item\"><a href=\"https:\/\/www.progressives-zentrum.org\/en\/new-progressive-ostpolitik-ambitious-but-not-naive\/\">New Progressive Ostpolitik: Ambitious, But Not Naive<\/a><\/li><!-- .posttype-list-item --><li class=\"posttype-list-item\"><a href=\"https:\/\/www.progressives-zentrum.org\/en\/this-was-the-daring-new-spaces-summit\/\">This Was the Daring New Spaces Summit<\/a><\/li><!-- .posttype-list-item --><li class=\"posttype-list-item\"><a href=\"https:\/\/www.progressives-zentrum.org\/en\/european-discourses-and-narratives\/\">European Discourses and Narratives<\/a><\/li><!-- .posttype-list-item --><li class=\"posttype-list-item\"><a href=\"https:\/\/www.progressives-zentrum.org\/en\/practised-european-values\/\">Practised European Values<\/a><\/li><!-- .posttype-list-item --><\/ul><!-- .posttype-list --> <\/div><!-- .news-wrapper -->\n<\/div>\n<\/div>\n<\/div><\/div>\n\n\n\n<h2 class=\"wp-block-heading\" id=\"h-projects\">Projects<\/h2>\n\n\n<div class=\"project-single-item project-view-right\"><div class=\"project-thumbnail\"><a href=\"https:\/\/www.progressives-zentrum.org\/en\/project\/daring-new-spaces\/\"><img loading=\"lazy\" decoding=\"async\" width=\"1200\" height=\"287\" src=\"https:\/\/www.progressives-zentrum.org\/en\/wp-content\/uploads\/sites\/2\/2022\/04\/Daring-New-Spaces_Header_light_centred.jpg\" class=\"attachment-medium size-medium wp-post-image\" alt=\"\" sizes=\"auto, 100vw\" \/><\/a><\/div><div class=\"project-info\"><div><h4 class=\"project-title\"><a href=\"https:\/\/www.progressives-zentrum.org\/en\/project\/daring-new-spaces\/\">Daring New Spaces<\/a><\/h4><div class=\"project-excerpt\">A project developing ideas to foster a European public sphere<\/div><a href=\"https:\/\/www.progressives-zentrum.org\/en\/project\/daring-new-spaces\/\" class=\"wp-block-button__link no-border-radius\">mehr<\/a><\/div><\/div><\/div><!-- .project-single-item -->\n\n\n\n<div class=\"wp-block-cover aligncenter is-light alignfull\" style=\"min-height:376px;aspect-ratio:unset;\"><span aria-hidden=\"true\" class=\"wp-block-cover__background has-light-purple-background-color has-background-dim-100 has-background-dim\"><\/span><div class=\"wp-block-cover__inner-container is-layout-flow wp-block-cover-is-layout-flow\">\n<div class=\"wp-block-group newsletter\"><div class=\"wp-block-group__inner-container is-layout-flow wp-block-group-is-layout-flow\">\n<h2 class=\"wp-block-heading\" id=\"informiert-bleiben\" style=\"font-size:30px\">From Berlin to Brussels &#8211;  Stay up to date on the progressive politics that matter.\u00a0<\/h2>\n\n\n\n<p>Our newsletter gives you all the necessary information about our latest events, studies and debates.<\/p>\n\n\n<div class=\"newsletter-form-wrapper\">  <form action=\"\/en\/newsletter\/\" method=\"get\" class=\"newsletter-form\" id=\"\">     <input type=\"text\" name=\"your-email\" value=\"\" size=\"\" class=\"\" placeholder=\"Email\">     <button type=\"submit\" class=\"newsletter-button\">subscribe<\/button>   <\/form> <\/div>\n<\/div><\/div>\n<\/div><\/div>\n\n\n\n<p><\/p>\n\n\n\n<div class=\"wp-block-cover is-light alignfull\" style=\"min-height:304px;aspect-ratio:unset;\"><span aria-hidden=\"true\" class=\"wp-block-cover__background has-light-grey-background-color has-background-dim-90 has-background-dim\"><\/span><div class=\"wp-block-cover__inner-container is-layout-flow wp-block-cover-is-layout-flow\"><div class=\"wp-block-image\">\n<figure class=\"aligncenter size-full is-resized\"><img loading=\"lazy\" decoding=\"async\" src=\"https:\/\/www.progressives-zentrum.org\/en\/wp-content\/uploads\/sites\/2\/2022\/06\/dpz_2022_claim_EN_positiv_72dpi.png\" alt=\"\" class=\"wp-image-12348\" width=\"578\" height=\"57\"\/><\/figure><\/div>\n\n\n<p class=\"has-text-align-center alignsmall has-medium-font-size\">We develop and debate progressive ideas and bring together leading actors who turn thoughts into action. Our think tank\u2019s goal: making the just transformation a reality. <a href=\"https:\/\/www.progressives-zentrum.org\/en\/about-us\/\" data-type=\"page\" data-id=\"1847\">\u25b8 Learn more<\/a><\/p>\n<\/div><\/div>\n\n\n\n<p><\/p>\n","protected":false},"excerpt":{"rendered":"<p>Maria Sk\u00f3ra is a policy fellow at Das Progressive Zentrum. Previously, she was Research Associate at the Institut f\u00fcr Europ\u00e4ische Politik and head of the International Dialogue program at Das Progressive Zentrum.<\/p>\n","protected":false},"featured_media":4668,"menu_order":0,"template":"","class_list":["post-5811","person","type-person","status-publish","has-post-thumbnail","hentry","person_categories-fellows"],"acf":[],"yoast_head":"<!-- This site is optimized with the Yoast SEO Premium plugin v24.3 (Yoast SEO v24.3) - https:\/\/yoast.com\/wordpress\/plugins\/seo\/ -->\n<title>Dr. Maria Sk\u00f3ra - Das Progressive Zentrum - EN<\/title>\n<meta name=\"robots\" content=\"index, follow, max-snippet:-1, max-image-preview:large, max-video-preview:-1\" \/>\n<link rel=\"canonical\" href=\"https:\/\/www.progressives-zentrum.org\/en\/person\/dr-maria-skora\/\" \/>\n<meta property=\"og:locale\" content=\"en_US\" \/>\n<meta property=\"og:type\" content=\"article\" \/>\n<meta property=\"og:title\" content=\"Dr. Maria Sk\u00f3ra\" \/>\n<meta property=\"og:description\" content=\"Maria Sk\u00f3ra is a policy fellow at Das Progressive Zentrum. Previously, she was Research Associate at the Institut f\u00fcr Europ\u00e4ische Politik and head of the International Dialogue program at Das Progressive Zentrum.\" \/>\n<meta property=\"og:url\" content=\"https:\/\/www.progressives-zentrum.org\/en\/person\/dr-maria-skora\/\" \/>\n<meta property=\"og:site_name\" content=\"Das Progressive Zentrum - EN\" \/>\n<meta property=\"article:modified_time\" content=\"2024-10-31T07:29:12+00:00\" \/>\n<meta property=\"og:image\" content=\"https:\/\/www.progressives-zentrum.org\/en\/wp-content\/uploads\/sites\/2\/2022\/04\/Maria-Skora_gross_Das-Progressive-Zentrum_Capital-Headshots-Berlin-1-1024x681-1.jpg\" \/>\n\t<meta property=\"og:image:width\" content=\"1024\" \/>\n\t<meta property=\"og:image:height\" content=\"681\" \/>\n\t<meta property=\"og:image:type\" content=\"image\/jpeg\" \/>\n<meta name=\"twitter:card\" content=\"summary_large_image\" \/>\n<meta name=\"twitter:label1\" content=\"Est. reading time\" \/>\n\t<meta name=\"twitter:data1\" content=\"1 minute\" \/>\n<script type=\"application\/ld+json\" class=\"yoast-schema-graph\">{\"@context\":\"https:\/\/schema.org\",\"@graph\":[{\"@type\":\"WebPage\",\"@id\":\"https:\/\/www.progressives-zentrum.org\/en\/person\/dr-maria-skora\/\",\"url\":\"https:\/\/www.progressives-zentrum.org\/en\/person\/dr-maria-skora\/\",\"name\":\"Dr. Maria Sk\u00f3ra - Das Progressive Zentrum - EN\",\"isPartOf\":{\"@id\":\"https:\/\/www.progressives-zentrum.org\/en\/#website\"},\"primaryImageOfPage\":{\"@id\":\"https:\/\/www.progressives-zentrum.org\/en\/person\/dr-maria-skora\/#primaryimage\"},\"image\":{\"@id\":\"https:\/\/www.progressives-zentrum.org\/en\/person\/dr-maria-skora\/#primaryimage\"},\"thumbnailUrl\":\"https:\/\/www.progressives-zentrum.org\/en\/wp-content\/uploads\/sites\/2\/2022\/04\/Maria-Skora_gross_Das-Progressive-Zentrum_Capital-Headshots-Berlin-1-1024x681-1.jpg\",\"datePublished\":\"2022-04-25T13:28:13+00:00\",\"dateModified\":\"2024-10-31T07:29:12+00:00\",\"breadcrumb\":{\"@id\":\"https:\/\/www.progressives-zentrum.org\/en\/person\/dr-maria-skora\/#breadcrumb\"},\"inLanguage\":\"en-US\",\"potentialAction\":[{\"@type\":\"ReadAction\",\"target\":[\"https:\/\/www.progressives-zentrum.org\/en\/person\/dr-maria-skora\/\"]}]},{\"@type\":\"ImageObject\",\"inLanguage\":\"en-US\",\"@id\":\"https:\/\/www.progressives-zentrum.org\/en\/person\/dr-maria-skora\/#primaryimage\",\"url\":\"https:\/\/www.progressives-zentrum.org\/en\/wp-content\/uploads\/sites\/2\/2022\/04\/Maria-Skora_gross_Das-Progressive-Zentrum_Capital-Headshots-Berlin-1-1024x681-1.jpg\",\"contentUrl\":\"https:\/\/www.progressives-zentrum.org\/en\/wp-content\/uploads\/sites\/2\/2022\/04\/Maria-Skora_gross_Das-Progressive-Zentrum_Capital-Headshots-Berlin-1-1024x681-1.jpg\",\"width\":1024,\"height\":681},{\"@type\":\"BreadcrumbList\",\"@id\":\"https:\/\/www.progressives-zentrum.org\/en\/person\/dr-maria-skora\/#breadcrumb\",\"itemListElement\":[{\"@type\":\"ListItem\",\"position\":1,\"name\":\"Startseite\",\"item\":\"https:\/\/www.progressives-zentrum.org\/en\/\"},{\"@type\":\"ListItem\",\"position\":2,\"name\":\"Team\",\"item\":\"https:\/\/www.progressives-zentrum.org\/en\/team\/\"},{\"@type\":\"ListItem\",\"position\":3,\"name\":\"Dr. Maria Sk\u00f3ra\"}]},{\"@type\":\"WebSite\",\"@id\":\"https:\/\/www.progressives-zentrum.org\/en\/#website\",\"url\":\"https:\/\/www.progressives-zentrum.org\/en\/\",\"name\":\"Das Progressive Zentrum - EN\",\"description\":\"Renewing the Promise of Progress.\",\"potentialAction\":[{\"@type\":\"SearchAction\",\"target\":{\"@type\":\"EntryPoint\",\"urlTemplate\":\"https:\/\/www.progressives-zentrum.org\/en\/?s={search_term_string}\"},\"query-input\":{\"@type\":\"PropertyValueSpecification\",\"valueRequired\":true,\"valueName\":\"search_term_string\"}}],\"inLanguage\":\"en-US\"}]}<\/script>\n<!-- \/ Yoast SEO Premium plugin. -->","yoast_head_json":{"title":"Dr. Maria Sk\u00f3ra - Das Progressive Zentrum - EN","robots":{"index":"index","follow":"follow","max-snippet":"max-snippet:-1","max-image-preview":"max-image-preview:large","max-video-preview":"max-video-preview:-1"},"canonical":"https:\/\/www.progressives-zentrum.org\/en\/person\/dr-maria-skora\/","og_locale":"en_US","og_type":"article","og_title":"Dr. Maria Sk\u00f3ra","og_description":"Maria Sk\u00f3ra is a policy fellow at Das Progressive Zentrum. Previously, she was Research Associate at the Institut f\u00fcr Europ\u00e4ische Politik and head of the International Dialogue program at Das Progressive Zentrum.","og_url":"https:\/\/www.progressives-zentrum.org\/en\/person\/dr-maria-skora\/","og_site_name":"Das Progressive Zentrum - EN","article_modified_time":"2024-10-31T07:29:12+00:00","og_image":[{"width":1024,"height":681,"url":"https:\/\/www.progressives-zentrum.org\/en\/wp-content\/uploads\/sites\/2\/2022\/04\/Maria-Skora_gross_Das-Progressive-Zentrum_Capital-Headshots-Berlin-1-1024x681-1.jpg","type":"image\/jpeg"}],"twitter_card":"summary_large_image","twitter_misc":{"Est. reading time":"1 minute"},"schema":{"@context":"https:\/\/schema.org","@graph":[{"@type":"WebPage","@id":"https:\/\/www.progressives-zentrum.org\/en\/person\/dr-maria-skora\/","url":"https:\/\/www.progressives-zentrum.org\/en\/person\/dr-maria-skora\/","name":"Dr. Maria Sk\u00f3ra - Das Progressive Zentrum - EN","isPartOf":{"@id":"https:\/\/www.progressives-zentrum.org\/en\/#website"},"primaryImageOfPage":{"@id":"https:\/\/www.progressives-zentrum.org\/en\/person\/dr-maria-skora\/#primaryimage"},"image":{"@id":"https:\/\/www.progressives-zentrum.org\/en\/person\/dr-maria-skora\/#primaryimage"},"thumbnailUrl":"https:\/\/www.progressives-zentrum.org\/en\/wp-content\/uploads\/sites\/2\/2022\/04\/Maria-Skora_gross_Das-Progressive-Zentrum_Capital-Headshots-Berlin-1-1024x681-1.jpg","datePublished":"2022-04-25T13:28:13+00:00","dateModified":"2024-10-31T07:29:12+00:00","breadcrumb":{"@id":"https:\/\/www.progressives-zentrum.org\/en\/person\/dr-maria-skora\/#breadcrumb"},"inLanguage":"en-US","potentialAction":[{"@type":"ReadAction","target":["https:\/\/www.progressives-zentrum.org\/en\/person\/dr-maria-skora\/"]}]},{"@type":"ImageObject","inLanguage":"en-US","@id":"https:\/\/www.progressives-zentrum.org\/en\/person\/dr-maria-skora\/#primaryimage","url":"https:\/\/www.progressives-zentrum.org\/en\/wp-content\/uploads\/sites\/2\/2022\/04\/Maria-Skora_gross_Das-Progressive-Zentrum_Capital-Headshots-Berlin-1-1024x681-1.jpg","contentUrl":"https:\/\/www.progressives-zentrum.org\/en\/wp-content\/uploads\/sites\/2\/2022\/04\/Maria-Skora_gross_Das-Progressive-Zentrum_Capital-Headshots-Berlin-1-1024x681-1.jpg","width":1024,"height":681},{"@type":"BreadcrumbList","@id":"https:\/\/www.progressives-zentrum.org\/en\/person\/dr-maria-skora\/#breadcrumb","itemListElement":[{"@type":"ListItem","position":1,"name":"Startseite","item":"https:\/\/www.progressives-zentrum.org\/en\/"},{"@type":"ListItem","position":2,"name":"Team","item":"https:\/\/www.progressives-zentrum.org\/en\/team\/"},{"@type":"ListItem","position":3,"name":"Dr. Maria Sk\u00f3ra"}]},{"@type":"WebSite","@id":"https:\/\/www.progressives-zentrum.org\/en\/#website","url":"https:\/\/www.progressives-zentrum.org\/en\/","name":"Das Progressive Zentrum - EN","description":"Renewing the Promise of Progress.","potentialAction":[{"@type":"SearchAction","target":{"@type":"EntryPoint","urlTemplate":"https:\/\/www.progressives-zentrum.org\/en\/?s={search_term_string}"},"query-input":{"@type":"PropertyValueSpecification","valueRequired":true,"valueName":"search_term_string"}}],"inLanguage":"en-US"}]}},"_links":{"self":[{"href":"https:\/\/www.progressives-zentrum.org\/en\/wp-json\/wp\/v2\/person\/5811","targetHints":{"allow":["GET"]}}],"collection":[{"href":"https:\/\/www.progressives-zentrum.org\/en\/wp-json\/wp\/v2\/person"}],"about":[{"href":"https:\/\/www.progressives-zentrum.org\/en\/wp-json\/wp\/v2\/types\/person"}],"version-history":[{"count":23,"href":"https:\/\/www.progressives-zentrum.org\/en\/wp-json\/wp\/v2\/person\/5811\/revisions"}],"predecessor-version":[{"id":18219,"href":"https:\/\/www.progressives-zentrum.org\/en\/wp-json\/wp\/v2\/person\/5811\/revisions\/18219"}],"wp:featuredmedia":[{"embeddable":true,"href":"https:\/\/www.progressives-zentrum.org\/en\/wp-json\/wp\/v2\/media\/4668"}],"wp:attachment":[{"href":"https:\/\/www.progressives-zentrum.org\/en\/wp-json\/wp\/v2\/media?parent=5811"}],"curies":[{"name":"wp","href":"https:\/\/api.w.org\/{rel}","templated":true}]}}